{"id":1165,"date":"2022-12-28T08:35:15","date_gmt":"2022-12-28T07:35:15","guid":{"rendered":"https:\/\/jayso.es\/?page_id=1165"},"modified":"2024-11-27T10:42:22","modified_gmt":"2024-11-27T09:42:22","slug":"politique-de-protection-des-donnees-personnelles","status":"publish","type":"page","link":"https:\/\/jayso.es\/fr\/politique-de-protection-des-donnees-personnelles\/","title":{"rendered":"Politique de protection des donn\u00e9es personnelles"},"content":{"rendered":"\t\t<div data-elementor-type=\"wp-page\" data-elementor-id=\"1165\" class=\"elementor elementor-1165 elementor-860\" data-elementor-post-type=\"page\">\n\t\t\t\t\t\t<section class=\"elementor-section elementor-top-section elementor-element elementor-element-ef28114 elementor-section-boxed elementor-section-height-default elementor-section-height-default\" data-id=\"ef28114\" data-element_type=\"section\">\n\t\t\t\t\t\t<div class=\"elementor-container elementor-column-gap-default\">\n\t\t\t\t\t<div class=\"elementor-column elementor-col-100 elementor-top-column elementor-element elementor-element-e6e4161\" data-id=\"e6e4161\" data-element_type=\"column\">\n\t\t\t<div class=\"elementor-widget-wrap elementor-element-populated\">\n\t\t\t\t\t\t<div class=\"elementor-element elementor-element-96d6b1e elementor-widget elementor-widget-heading\" data-id=\"96d6b1e\" data-element_type=\"widget\" data-widget_type=\"heading.default\">\n\t\t\t\t<div class=\"elementor-widget-container\">\n\t\t\t<h1 class=\"elementor-heading-title elementor-size-default\">Politique de protection des donn\u00e9es personnelles<\/h1>\t\t<\/div>\n\t\t\t\t<\/div>\n\t\t\t\t<div class=\"elementor-element elementor-element-833c0db elementor-widget elementor-widget-text-editor\" data-id=\"833c0db\" data-element_type=\"widget\" data-widget_type=\"text-editor.default\">\n\t\t\t\t<div class=\"elementor-widget-container\">\n\t\t\t\t\t\t\t<p>Le propri\u00e9taire du site Web et responsable du traitement est FORJAS JAYSO S.L. dont l&rsquo;adresse est C\/ Bassols n\u00ba 5 Pol Moncada II, 46113, Moncada, Valencia et NIF B96492616 est propri\u00e9taire du portail www.jayso.es et le met \u00e0 la disposition des internautes, dans le but de fournir des informations sur les services fournis. et\/ou produits commercialis\u00e9s par FORJAS JAYSO S.L., ainsi que permettre la fourniture de services et\/ou la commercialisation de produits \u00e0 travers le Portail.<\/p><p><span style=\"text-decoration: underline;\"><strong>Coordonn\u00e9es<\/strong><\/span><\/p><ul><li>Num\u00e9ro de t\u00e9l\u00e9phone de contact : <a href=\"tel:+34961301382\">+ (34) 961 30 13 82<\/a><\/li><li>Courriel: <a href=\"mailto:expedicion@jayso.net\">expedicion@jayso.net<\/a><\/li><\/ul><p><span style=\"text-decoration: underline;\"><strong>Coordonn\u00e9es du d\u00e9l\u00e9gu\u00e9 \u00e0 la protection des donn\u00e9es (DPD)<\/strong><\/span><br \/>Pour toute gestion ou demande concernant la confidentialit\u00e9 de FORJAS JAYSO S.L., l&rsquo;utilisateur peut contacter notre adresse email expedicion@jayso.net<\/p>\t\t\t\t\t\t<\/div>\n\t\t\t\t<\/div>\n\t\t\t\t<div class=\"elementor-element elementor-element-321de9e elementor-widget elementor-widget-heading\" data-id=\"321de9e\" data-element_type=\"widget\" data-widget_type=\"heading.default\">\n\t\t\t\t<div class=\"elementor-widget-container\">\n\t\t\t<h2 class=\"elementor-heading-title elementor-size-default\">1.- Finalit\u00e9 \u00c0 quelles fins traitons-nous vos donn\u00e9es?<\/h2>\t\t<\/div>\n\t\t\t\t<\/div>\n\t\t\t\t<div class=\"elementor-element elementor-element-29adf59 elementor-widget elementor-widget-text-editor\" data-id=\"29adf59\" data-element_type=\"widget\" data-widget_type=\"text-editor.default\">\n\t\t\t\t<div class=\"elementor-widget-container\">\n\t\t\t\t\t\t\t<p><strong>FORJAS JAYSO S.L.<\/strong> informe l&rsquo;Utilisateur de l&rsquo;existence d&rsquo;une activit\u00e9 de traitement de donn\u00e9es personnelles (appel\u00e9es \u00abUTILISATEURS DU WEB\u00bb) cr\u00e9\u00e9e avec les donn\u00e9es obtenues sur le site Web par et pour <strong>FORJAS JAYSO S.L.<\/strong> et sous votre responsabilit\u00e9.<\/p><p>Cette activit\u00e9 de traitement a \u00e9t\u00e9 cr\u00e9\u00e9e dans le but de fournir des informations sur la fourniture de services et\/ou la commercialisation des produits propos\u00e9s par le Portail, ainsi que de r\u00e9pondre et de g\u00e9rer les requ\u00eates formul\u00e9es par les utilisateurs via ce canal.<\/p><ul><li>Les dur\u00e9es de conservation des donn\u00e9es que les utilisateurs nous fournissent via les formulaires du site sont les suivantes:<ul><li>Dans le cas de requ\u00eates : Une fois la requ\u00eate r\u00e9pondue, l&rsquo;ann\u00e9e en cours<\/li><li>En cas de souscription \u00e0 l&rsquo;un de nos services : Pendant la dur\u00e9e de la relation contractuelle<\/li><li>En cas d&rsquo;acceptation de l&rsquo;envoi de communications <span style=\"text-decoration: underline;\"><strong>commerciales par courrier \u00e9lectronique<\/strong><\/span>. Tant que sa suppression n&rsquo;est pas demand\u00e9e par l&rsquo;int\u00e9ress\u00e9 et en tout cas trois ans \u00e0 compter de la derni\u00e8re manifestation d&rsquo;int\u00e9r\u00eat.<\/li><\/ul><\/li><\/ul>\t\t\t\t\t\t<\/div>\n\t\t\t\t<\/div>\n\t\t\t\t<div class=\"elementor-element elementor-element-3285a4c elementor-widget elementor-widget-heading\" data-id=\"3285a4c\" data-element_type=\"widget\" data-widget_type=\"heading.default\">\n\t\t\t\t<div class=\"elementor-widget-container\">\n\t\t\t<h2 class=\"elementor-heading-title elementor-size-default\">2.- L\u00e9gitimation Quelle est la l\u00e9gitimit\u00e9 du traitement de vos donn\u00e9es?<\/h2>\t\t<\/div>\n\t\t\t\t<\/div>\n\t\t\t\t<div class=\"elementor-element elementor-element-cdaf3e8 elementor-widget elementor-widget-text-editor\" data-id=\"cdaf3e8\" data-element_type=\"widget\" data-widget_type=\"text-editor.default\">\n\t\t\t\t<div class=\"elementor-widget-container\">\n\t\t\t\t\t\t\t<p>La base juridique du traitement des donn\u00e9es personnelles des utilisateurs est le consentement expr\u00e8s de l&rsquo;int\u00e9ress\u00e9.<\/p><p>De m\u00eame, l&rsquo;offre prospective de services et\/ou de produits repose sur le consentement demand\u00e9 \u00e0 l&rsquo;utilisateur ; en aucun cas le retrait de ce consentement ne conditionnera l&rsquo;ex\u00e9cution d&rsquo;autres finalit\u00e9s.<\/p><p>L&rsquo;utilisateur n&rsquo;a aucune obligation de nous fournir ses donn\u00e9es personnelles, mais s&rsquo;il ne nous fournit pas le minimum de donn\u00e9es demand\u00e9es, les op\u00e9rations propos\u00e9es en ligne sur notre site Internet ne pourront pas \u00eatre r\u00e9alis\u00e9es, telles que r\u00e9pondre aux questions, prendre contact, etc.<br \/>En outre, nous vous informons que l&rsquo;utilisateur peut r\u00e9voquer \u00e0 tout moment son consentement \u00e0 la collecte et au traitement de ses donn\u00e9es personnelles, par le biais de la proc\u00e9dure que nous \u00e9tablissons \u00e0 cet effet, sans affecter la lic\u00e9it\u00e9 du traitement bas\u00e9 sur le consentement pr\u00e9alable \u00e0 son consentement. retrait.<\/p>\t\t\t\t\t\t<\/div>\n\t\t\t\t<\/div>\n\t\t\t\t<div class=\"elementor-element elementor-element-9cbba41 elementor-widget elementor-widget-heading\" data-id=\"9cbba41\" data-element_type=\"widget\" data-widget_type=\"heading.default\">\n\t\t\t\t<div class=\"elementor-widget-container\">\n\t\t\t<h2 class=\"elementor-heading-title elementor-size-default\">3.- Destinataires \u00c0 quels destinataires vos donn\u00e9es seront-elles communiqu\u00e9es?<\/h2>\t\t<\/div>\n\t\t\t\t<\/div>\n\t\t\t\t<div class=\"elementor-element elementor-element-730eb59 elementor-widget elementor-widget-text-editor\" data-id=\"730eb59\" data-element_type=\"widget\" data-widget_type=\"text-editor.default\">\n\t\t\t\t<div class=\"elementor-widget-container\">\n\t\t\t\t\t\t\t<p>Les donn\u00e9es collect\u00e9es sur ce site Web \u00e0 travers les formulaires correspondants ne seront pas c\u00e9d\u00e9es \u00e0 des tiers et pourront uniquement \u00eatre communiqu\u00e9es \u00e0 d&rsquo;autres soci\u00e9t\u00e9s qui agissent en tant que responsables du traitement des donn\u00e9es personnelles et qui traiteront les donn\u00e9es uniquement conform\u00e9ment aux instructions strictes. que <strong>FORJAS JAYSO S.L.<\/strong> \u00e9tablit avec lesdits g\u00e9rants. Dans tous les cas, les donn\u00e9es seront communiqu\u00e9es au sein de l&rsquo;Union europ\u00e9enne et uniquement aux fins indiqu\u00e9es ci-dessus.<\/p>\t\t\t\t\t\t<\/div>\n\t\t\t\t<\/div>\n\t\t\t\t<div class=\"elementor-element elementor-element-1fa63c5 elementor-widget elementor-widget-heading\" data-id=\"1fa63c5\" data-element_type=\"widget\" data-widget_type=\"heading.default\">\n\t\t\t\t<div class=\"elementor-widget-container\">\n\t\t\t<h2 class=\"elementor-heading-title elementor-size-default\">4.- Droits Quels sont vos droits lorsque vous nous fournissez vos donn\u00e9es?<\/h2>\t\t<\/div>\n\t\t\t\t<\/div>\n\t\t\t\t<div class=\"elementor-element elementor-element-4d3b5ea elementor-widget elementor-widget-text-editor\" data-id=\"4d3b5ea\" data-element_type=\"widget\" data-widget_type=\"text-editor.default\">\n\t\t\t\t<div class=\"elementor-widget-container\">\n\t\t\t\t\t\t\t<p>Aux utilisateurs du site Internet appartenant \u00e0 <strong>FORJAS JAYSO S.L.<\/strong> Ils b\u00e9n\u00e9ficient des droits \u00e9tablis dans la l\u00e9gislation relative \u00e0 la protection des donn\u00e9es personnelles :<\/p><p>Tout d&rsquo;abord, l&rsquo;utilisateur a le droit d&rsquo;obtenir la confirmation que <strong>FORJAS JAYSO S.L.<\/strong> des donn\u00e9es personnelles, qu&rsquo;elles vous concernent ou non, font l&rsquo;objet d&rsquo;un traitement.<\/p><p>Les utilisateurs auront le droit d&rsquo;acc\u00e9der \u00e0 leurs donn\u00e9es personnelles, ainsi que de demander la rectification des donn\u00e9es inexactes ou, le cas \u00e9ch\u00e9ant, de demander leur suppression lorsque, entre autres raisons, les donn\u00e9es ne sont plus n\u00e9cessaires aux fins pour lesquelles elles ont \u00e9t\u00e9 collect\u00e9.<\/p><p>Les utilisateurs ont le droit de s&rsquo;opposer au traitement de leurs donn\u00e9es personnelles, c&rsquo;est pourquoi <strong>FORJAS JAYSO S.L.<\/strong> cessera de traiter vos donn\u00e9es, sauf raisons l\u00e9gitimes et imp\u00e9rieuses, ou pour l&rsquo;exercice ou la d\u00e9fense d&rsquo;\u00e9ventuelles r\u00e9clamations.<\/p><p>Les utilisateurs ont le pouvoir de demander \u00e0 FORJAS JAYSO S.L. limiter le traitement de vos donn\u00e9es personnelles lorsque les exigences du r\u00e8glement UE 2016\/679 et LOPDGDD 3\/2018 sont remplies.<\/p><p><strong>FORJAS JAYSO S.L.<\/strong> vous informe qu&rsquo;elle a mis en \u0153uvre les mesures de s\u00e9curit\u00e9 techniques et organisationnelles n\u00e9cessaires pour garantir la s\u00e9curit\u00e9 de vos donn\u00e9es personnelles et emp\u00eacher leur alt\u00e9ration, perte, traitement et\/ou acc\u00e8s non autoris\u00e9, conform\u00e9ment aux dispositions du RGPD 2016\/679 du 27 avril 2016. et LOPDGDD 3\/2018 du 5 d\u00e9cembre<\/p><p>Enfin, nous vous informons que toute personne int\u00e9ress\u00e9e peut d\u00e9poser une r\u00e9clamation aupr\u00e8s de l&rsquo;Agence espagnole de protection des donn\u00e9es, notamment lorsqu&rsquo;elle n&rsquo;a pas obtenu satisfaction dans l&rsquo;exercice de ses droits.<\/p><p>Dans le lien suivant, vous obtiendrez plus d&rsquo;informations sur les r\u00e9clamations devant l&rsquo;Agence espagnole de protection des donn\u00e9es :<\/p><p><a href=\"https:\/\/sedeagpd.gob.es\/sede-electronica-web\/vistas\/infoSede\/tramitesCiudadano.jsf?recOrd=1#\" target=\"_blank\" rel=\"noopener\">https:\/\/sedeagpd.gob.es\/sede-electronica-web\/vistas\/infoSede\/tramitesCiudadano.jsf?recOrd=1#<\/a><\/p>\t\t\t\t\t\t<\/div>\n\t\t\t\t<\/div>\n\t\t\t\t<div class=\"elementor-element elementor-element-dad1072 elementor-widget elementor-widget-heading\" data-id=\"dad1072\" data-element_type=\"widget\" data-widget_type=\"heading.default\">\n\t\t\t\t<div class=\"elementor-widget-container\">\n\t\t\t<h2 class=\"elementor-heading-title elementor-size-default\">5.- Communications commerciales<\/h2>\t\t<\/div>\n\t\t\t\t<\/div>\n\t\t\t\t<div class=\"elementor-element elementor-element-8d548c1 elementor-widget elementor-widget-text-editor\" data-id=\"8d548c1\" data-element_type=\"widget\" data-widget_type=\"text-editor.default\">\n\t\t\t\t<div class=\"elementor-widget-container\">\n\t\t\t\t\t\t\t<p><strong>FORJAS JAYSO S.L.<\/strong> Vous pouvez envoyer des communications commerciales par tout moyen dans le plein respect de la l\u00e9gislation en vigueur en mati\u00e8re de protection des donn\u00e9es personnelles.<\/p><p>Pour les communications commerciales effectu\u00e9es par courrier \u00e9lectronique et moyens \u00e9quivalents conform\u00e9ment aux dispositions de la loi 34\/2002 du 11 juillet sur les services de la soci\u00e9t\u00e9 de l&rsquo;information et du commerce \u00e9lectronique, le consentement de l&rsquo;utilisateur sera d\u00fbment obtenu au moment de la collecte des donn\u00e9es correspondantes.<\/p><p>L&rsquo;Utilisateur peut r\u00e9voquer \u00e0 tout moment le consentement donn\u00e9 pour recevoir des communications personnelles en informant simplement FORJAS JAYSO S.L. de sa volont\u00e9. (\u00e0 notre adresse e-mail <a href=\"mailto:expedicion@jayso.net\">expedicion@jayso.net<\/a>).<\/p>\t\t\t\t\t\t<\/div>\n\t\t\t\t<\/div>\n\t\t\t\t\t<\/div>\n\t\t<\/div>\n\t\t\t\t\t<\/div>\n\t\t<\/section>\n\t\t\t\t<\/div>\n\t\t","protected":false},"excerpt":{"rendered":"<p>Le propri\u00e9taire du site Web et responsable du traitement est FORJAS JAYSO S.L. dont l&rsquo;adresse est C\/ Bassols n\u00ba 5 Pol Moncada II, 46113, Moncada, Valencia et NIF B96492616 est propri\u00e9taire du portail www.jayso.es et le met \u00e0 la disposition des internautes, dans le but de fournir des informations sur les services fournis. et\/ou produits [&hellip;]<\/p>\n","protected":false},"author":1,"featured_media":0,"parent":0,"menu_order":99,"comment_status":"closed","ping_status":"closed","template":"","meta":{"footnotes":""},"class_list":["post-1165","page","type-page","status-publish","hentry"],"yoast_head":"<!-- This site is optimized with the Yoast SEO plugin v24.0 - https:\/\/yoast.com\/wordpress\/plugins\/seo\/ -->\n<title>Politique de protection des donn\u00e9es personnelles - FORJAS JAYSO<\/title>\n<meta name=\"robots\" content=\"noindex, nofollow\" \/>\n<meta property=\"og:locale\" content=\"fr_FR\" \/>\n<meta property=\"og:type\" content=\"article\" \/>\n<meta property=\"og:title\" content=\"Politique de protection des donn\u00e9es personnelles - FORJAS JAYSO\" \/>\n<meta property=\"og:description\" content=\"Le propri\u00e9taire du site Web et responsable du traitement est FORJAS JAYSO S.L. dont l&rsquo;adresse est C\/ Bassols n\u00ba 5 Pol Moncada II, 46113, Moncada, Valencia et NIF B96492616 est propri\u00e9taire du portail www.jayso.es et le met \u00e0 la disposition des internautes, dans le but de fournir des informations sur les services fournis. et\/ou produits [&hellip;]\" \/>\n<meta property=\"og:url\" content=\"https:\/\/jayso.es\/fr\/politique-de-protection-des-donnees-personnelles\/\" \/>\n<meta property=\"og:site_name\" content=\"FORJAS JAYSO\" \/>\n<meta property=\"article:publisher\" content=\"https:\/\/www.facebook.com\/muebles.jayso.7\/\" \/>\n<meta property=\"article:modified_time\" content=\"2024-11-27T09:42:22+00:00\" \/>\n<meta property=\"og:image\" content=\"https:\/\/jayso.es\/wp-content\/uploads\/2022\/12\/jayso.jpg\" \/>\n\t<meta property=\"og:image:width\" content=\"400\" \/>\n\t<meta property=\"og:image:height\" content=\"400\" \/>\n\t<meta property=\"og:image:type\" content=\"image\/jpeg\" \/>\n<meta name=\"twitter:card\" content=\"summary_large_image\" \/>\n<meta name=\"twitter:label1\" content=\"Dur\u00e9e de lecture estim\u00e9e\" \/>\n\t<meta name=\"twitter:data1\" content=\"5 minutes\" \/>\n<script type=\"application\/ld+json\" class=\"yoast-schema-graph\">{\"@context\":\"https:\/\/schema.org\",\"@graph\":[{\"@type\":\"WebPage\",\"@id\":\"https:\/\/jayso.es\/fr\/politique-de-protection-des-donnees-personnelles\/\",\"url\":\"https:\/\/jayso.es\/fr\/politique-de-protection-des-donnees-personnelles\/\",\"name\":\"Politique de protection des donn\u00e9es personnelles - FORJAS JAYSO\",\"isPartOf\":{\"@id\":\"https:\/\/jayso.es\/fr\/#website\"},\"datePublished\":\"2022-12-28T07:35:15+00:00\",\"dateModified\":\"2024-11-27T09:42:22+00:00\",\"breadcrumb\":{\"@id\":\"https:\/\/jayso.es\/fr\/politique-de-protection-des-donnees-personnelles\/#breadcrumb\"},\"inLanguage\":\"fr-FR\",\"potentialAction\":[{\"@type\":\"ReadAction\",\"target\":[\"https:\/\/jayso.es\/fr\/politique-de-protection-des-donnees-personnelles\/\"]}]},{\"@type\":\"BreadcrumbList\",\"@id\":\"https:\/\/jayso.es\/fr\/politique-de-protection-des-donnees-personnelles\/#breadcrumb\",\"itemListElement\":[{\"@type\":\"ListItem\",\"position\":1,\"name\":\"Portada\",\"item\":\"https:\/\/jayso.es\/fr\/\"},{\"@type\":\"ListItem\",\"position\":2,\"name\":\"Politique de protection des donn\u00e9es personnelles\"}]},{\"@type\":\"WebSite\",\"@id\":\"https:\/\/jayso.es\/fr\/#website\",\"url\":\"https:\/\/jayso.es\/fr\/\",\"name\":\"Forjas Jayso\",\"description\":\"\",\"publisher\":{\"@id\":\"https:\/\/jayso.es\/fr\/#organization\"},\"potentialAction\":[{\"@type\":\"SearchAction\",\"target\":{\"@type\":\"EntryPoint\",\"urlTemplate\":\"https:\/\/jayso.es\/fr\/?s={search_term_string}\"},\"query-input\":{\"@type\":\"PropertyValueSpecification\",\"valueRequired\":true,\"valueName\":\"search_term_string\"}}],\"inLanguage\":\"fr-FR\"},{\"@type\":\"Organization\",\"@id\":\"https:\/\/jayso.es\/fr\/#organization\",\"name\":\"Forjas Jayso\",\"url\":\"https:\/\/jayso.es\/fr\/\",\"logo\":{\"@type\":\"ImageObject\",\"inLanguage\":\"fr-FR\",\"@id\":\"https:\/\/jayso.es\/fr\/#\/schema\/logo\/image\/\",\"url\":\"https:\/\/jayso.es\/wp-content\/uploads\/2022\/12\/jayso-hierro-forja-muebles-inicio-logo.svg\",\"contentUrl\":\"https:\/\/jayso.es\/wp-content\/uploads\/2022\/12\/jayso-hierro-forja-muebles-inicio-logo.svg\",\"width\":144,\"height\":100,\"caption\":\"Forjas Jayso\"},\"image\":{\"@id\":\"https:\/\/jayso.es\/fr\/#\/schema\/logo\/image\/\"},\"sameAs\":[\"https:\/\/www.facebook.com\/muebles.jayso.7\/\",\"https:\/\/www.instagram.com\/jaysomuebles_\/\"]}]}<\/script>\n<!-- \/ Yoast SEO plugin. -->","yoast_head_json":{"title":"Politique de protection des donn\u00e9es personnelles - FORJAS JAYSO","robots":{"index":"noindex","follow":"nofollow"},"og_locale":"fr_FR","og_type":"article","og_title":"Politique de protection des donn\u00e9es personnelles - FORJAS JAYSO","og_description":"Le propri\u00e9taire du site Web et responsable du traitement est FORJAS JAYSO S.L. dont l&rsquo;adresse est C\/ Bassols n\u00ba 5 Pol Moncada II, 46113, Moncada, Valencia et NIF B96492616 est propri\u00e9taire du portail www.jayso.es et le met \u00e0 la disposition des internautes, dans le but de fournir des informations sur les services fournis. et\/ou produits [&hellip;]","og_url":"https:\/\/jayso.es\/fr\/politique-de-protection-des-donnees-personnelles\/","og_site_name":"FORJAS JAYSO","article_publisher":"https:\/\/www.facebook.com\/muebles.jayso.7\/","article_modified_time":"2024-11-27T09:42:22+00:00","og_image":[{"width":400,"height":400,"url":"https:\/\/jayso.es\/wp-content\/uploads\/2022\/12\/jayso.jpg","type":"image\/jpeg"}],"twitter_card":"summary_large_image","twitter_misc":{"Dur\u00e9e de lecture estim\u00e9e":"5 minutes"},"schema":{"@context":"https:\/\/schema.org","@graph":[{"@type":"WebPage","@id":"https:\/\/jayso.es\/fr\/politique-de-protection-des-donnees-personnelles\/","url":"https:\/\/jayso.es\/fr\/politique-de-protection-des-donnees-personnelles\/","name":"Politique de protection des donn\u00e9es personnelles - FORJAS JAYSO","isPartOf":{"@id":"https:\/\/jayso.es\/fr\/#website"},"datePublished":"2022-12-28T07:35:15+00:00","dateModified":"2024-11-27T09:42:22+00:00","breadcrumb":{"@id":"https:\/\/jayso.es\/fr\/politique-de-protection-des-donnees-personnelles\/#breadcrumb"},"inLanguage":"fr-FR","potentialAction":[{"@type":"ReadAction","target":["https:\/\/jayso.es\/fr\/politique-de-protection-des-donnees-personnelles\/"]}]},{"@type":"BreadcrumbList","@id":"https:\/\/jayso.es\/fr\/politique-de-protection-des-donnees-personnelles\/#breadcrumb","itemListElement":[{"@type":"ListItem","position":1,"name":"Portada","item":"https:\/\/jayso.es\/fr\/"},{"@type":"ListItem","position":2,"name":"Politique de protection des donn\u00e9es personnelles"}]},{"@type":"WebSite","@id":"https:\/\/jayso.es\/fr\/#website","url":"https:\/\/jayso.es\/fr\/","name":"Forjas Jayso","description":"","publisher":{"@id":"https:\/\/jayso.es\/fr\/#organization"},"potentialAction":[{"@type":"SearchAction","target":{"@type":"EntryPoint","urlTemplate":"https:\/\/jayso.es\/fr\/?s={search_term_string}"},"query-input":{"@type":"PropertyValueSpecification","valueRequired":true,"valueName":"search_term_string"}}],"inLanguage":"fr-FR"},{"@type":"Organization","@id":"https:\/\/jayso.es\/fr\/#organization","name":"Forjas Jayso","url":"https:\/\/jayso.es\/fr\/","logo":{"@type":"ImageObject","inLanguage":"fr-FR","@id":"https:\/\/jayso.es\/fr\/#\/schema\/logo\/image\/","url":"https:\/\/jayso.es\/wp-content\/uploads\/2022\/12\/jayso-hierro-forja-muebles-inicio-logo.svg","contentUrl":"https:\/\/jayso.es\/wp-content\/uploads\/2022\/12\/jayso-hierro-forja-muebles-inicio-logo.svg","width":144,"height":100,"caption":"Forjas Jayso"},"image":{"@id":"https:\/\/jayso.es\/fr\/#\/schema\/logo\/image\/"},"sameAs":["https:\/\/www.facebook.com\/muebles.jayso.7\/","https:\/\/www.instagram.com\/jaysomuebles_\/"]}]}},"jetpack_sharing_enabled":true,"_links":{"self":[{"href":"https:\/\/jayso.es\/fr\/wp-json\/wp\/v2\/pages\/1165","targetHints":{"allow":["GET"]}}],"collection":[{"href":"https:\/\/jayso.es\/fr\/wp-json\/wp\/v2\/pages"}],"about":[{"href":"https:\/\/jayso.es\/fr\/wp-json\/wp\/v2\/types\/page"}],"author":[{"embeddable":true,"href":"https:\/\/jayso.es\/fr\/wp-json\/wp\/v2\/users\/1"}],"replies":[{"embeddable":true,"href":"https:\/\/jayso.es\/fr\/wp-json\/wp\/v2\/comments?post=1165"}],"version-history":[{"count":5,"href":"https:\/\/jayso.es\/fr\/wp-json\/wp\/v2\/pages\/1165\/revisions"}],"predecessor-version":[{"id":1171,"href":"https:\/\/jayso.es\/fr\/wp-json\/wp\/v2\/pages\/1165\/revisions\/1171"}],"wp:attachment":[{"href":"https:\/\/jayso.es\/fr\/wp-json\/wp\/v2\/media?parent=1165"}],"curies":[{"name":"wp","href":"https:\/\/api.w.org\/{rel}","templated":true}]}}